{"id":600,"date":"2022-09-30T13:36:55","date_gmt":"2022-09-30T13:36:55","guid":{"rendered":"https:\/\/www.hap.ie\/landlords\/ag-iarraidh-a-bheith-i-do-thiarna-talun\/"},"modified":"2022-11-14T14:15:16","modified_gmt":"2022-11-14T14:15:16","slug":"ag-iarraidh-a-bheith-i-do-thiarna-talun","status":"publish","type":"page","link":"https:\/\/www.hap.ie\/ga\/landlords\/ag-iarraidh-a-bheith-i-do-thiarna-talun\/","title":{"rendered":"Ag iarraidh a bheith i do thiarna tal\u00fan"},"content":{"rendered":"\n<h1 class=\"landlords wp-block-heading\">Ag iarraidh a bheith i do thiarna tal\u00fan<\/h1>\n\n<p>N\u00edl ceangal dl\u00edthi\u00fail ort do r\u00e9admhaoin a ligean ar c\u00edos do dhuine \u00e9igin a fhaigheann taca\u00edocht \u00cdCT. Is tusa a roghna\u00edonn tion\u00f3nta\u00ed do do r\u00e9admhaoin. Mar sin f\u00e9in, n\u00ed cheada\u00edtear duit di\u00falt\u00fa r\u00e9admhaoin a ligean ar ch\u00edos do dhuine \u00e9igin d\u00edreach toisc go bhfaigheann an duine sin \u00cdCT. M\u00e1 dh\u00e9anann t\u00fa \u00e9 sin, beidh na dl\u00edthe comhionannais \u00e1 s\u00e1r\u00fa agat. T\u00e1 tuilleadh eolais ar f\u00e1il \u00f3 Choimisi\u00fan na h\u00c9ireann um Chearta an Duine agus Comhionannas ag <a href=\"http:\/\/www.ihrec.ie\">www.ihrec.ie<\/a>.<\/p>\n\n<p>M\u00e1 bhraitheann duine \u00e9igin gur dhi\u00faltaigh t\u00fa r\u00e9admhaoin a ligean ar ch\u00edos d\u00f3ibh toisc go bhfaigheann siad \u00cdCT, is f\u00e9idir leo gear\u00e1n a dh\u00e9anamh leis an gCoimisi\u00fan um Chaidreamh san \u00c1it Oibre ag: <a href=\"https:\/\/www.workplacerelations.ie\/\" target=\"_blank\" rel=\"noreferrer noopener\">www.workplacerelations.ie\/ga<\/a><\/p>\n\n<p>N\u00ed m\u00f3r do tion\u00f3nta\u00ed \u00cdCT a gc\u00f3ir\u00edocht f\u00e9in a fh\u00e1il ar mhargadh na gc\u00edosanna pr\u00edobh\u00e1ideacha. T\u00e1 s\u00e9 seo mar an gc\u00e9anna leis an sc\u00e9im Forl\u00edonadh C\u00edosa reatha. Mar chuid de phr\u00f3iseas an iarratais tion\u00f3nta, n\u00ed m\u00f3r duit, tiarna tal\u00fan na r\u00e9admhaoine, eolas \u00e1irithe a sheoladh go dt\u00ed an t-\u00fadar\u00e1s \u00e1iti\u00fail. Is f\u00e9idir leat dul ar ais go Cuid B den fhoirm iarratais \u00cdCT leis an eolas d\u00edreach go dt\u00ed an t-\u00fadar\u00e1s aiti\u00fail.<\/p>\n\n<p>\u00c1ireofar leis an eolas seo:<\/p>\n\n<ul class=\"wp-block-list\">\n<li>an m\u00e9id ioml\u00e1n de ch\u00edos m\u00edos\u00fail<\/li>\n\n\n\n<li>fianaise de d\u2019\u00fain\u00e9ireacht\/ceart a bheith i do thiarna tal\u00fan ar an r\u00e9admhaoin, mar aon le d\u2019ainm agus seoladh na r\u00e9admhaoine<\/li>\n\n\n\n<li>ceannt\u00e1sc \u00f3 r\u00e1iteas bainc, le d\u2019ainm\/ainm do ghn\u00edomhaire agus seoladh chun a chruth\u00fa go bhfuil an duine\/an chuideachta at\u00e1 ainmnithe chun \u00edoca\u00edochta\u00ed \u00cdCT a fh\u00e1il ina s(h)ealbh\u00f3ir cuntais lena mbaineann na sonra\u00ed bainc at\u00e1 curtha ar f\u00e1il<\/li>\n\n\n\n<li>gealltanas maidir le comhl\u00edonadh na r\u00e9admhaoine le caighde\u00e1in le haghaidh c\u00f3ir\u00edocht c\u00edosa<\/li>\n\n\n\n<li>gealltanas maidir le do chomhl\u00edonadh c\u00e1nach<\/li>\n\n\n\n<li>do UPSP n\u00f3 Uimhir Thagartha Ch\u00e1nach<\/li>\n<\/ul>\n\n<p>M\u00e1 chuirtear tion\u00f3ntacht nua ar f\u00e1il i gcrios br\u00fa c\u00edosa, caithfidh t\u00fa r\u00e1iteas scr\u00edofa a thabhairt don tion\u00f3nta ag m\u00edni\u00fa conas a r\u00edomhtar an c\u00edos socraithe faoi thion\u00f3ntacht na h\u00e1ite c\u00f3naithe maidir leis an bhfoirmle do chriosanna br\u00fa c\u00edosa. Iarrfaidh an t-\u00fadar\u00e1s \u00e1iti\u00fail ar ch\u00f3ip den r\u00e1iteas seo nuair at\u00e1 s\u00e9 infheidhme. F\u00e9ach <a href=\"https:\/\/www.rtb.ie\/rent-pressure-zones\" target=\"_blank\" rel=\"noreferrer noopener\">www.rtb.ie\/rent-pressure-zones<\/a> le haghaidh tuilleadh eolais maidir le criosanna br\u00fa c\u00edosa.<\/p>\n\n<p>Le haghaidh tuilleadh eolais, f\u00e9ach ar an Leabhr\u00e1n Eolais \u00cdCT do Thiarna\u00ed Tal\u00fan <a href=\"https:\/\/www.hap.ie\/ga\/aimsigh-dudaras-aitiuil\/\">n\u00f3 d\u00e9an teagmh\u00e1il le d\u2019\u00fadar\u00e1s \u00e1iti\u00fail.<\/a><\/p>\n\n<div class=\"wp-block-columns is-layout-flex wp-container-core-columns-is-layout-28f84493 wp-block-columns-is-layout-flex\" id=\"pagination\">\n<div class=\"wp-block-column is-layout-flow wp-block-column-is-layout-flow\" style=\"flex-basis:200px\">\n<div class=\"wp-block-button\"><a class=\"wp-block-button__link has-ast-global-color-5-color has-text-color has-background\" style=\"background-color:#b64a99\" aria-label=\"Previous Page: Why HAP?\" href=\"https:\/\/www.hap.ie\/ga\/landlords\/tiarnai-talun-gniomhairi-cen-fath-ict\/\">An Leathanach Roimhe Seo<\/a><\/div>\n<\/div>\n\n\n\n<div class=\"wp-block-column is-layout-flow wp-block-column-is-layout-flow\"><\/div>\n\n\n\n<div class=\"wp-block-column is-layout-flow wp-block-column-is-layout-flow\" style=\"flex-basis:200px\">\n<div class=\"wp-block-button\"><a class=\"wp-block-button__link has-ast-global-color-5-color has-text-color has-background float-right\" style=\"background-color:#b64a99\" aria-label=\"Next Page: Rent Payments to Landlords\" href=\"https:\/\/www.hap.ie\/ga\/landlords\/iocaiochtai-ciosa-go-thiarnai-talun\/\">An Ch\u00e9ad Leathanach Eile<\/a><\/div>\n<\/div>\n<\/div>\n","protected":false},"excerpt":{"rendered":"<p>Ag iarraidh a bheith i do thiarna tal\u00fan N\u00edl ceangal dl\u00edthi\u00fail ort do r\u00e9admhaoin a ligean ar c\u00edos do dhuine \u00e9igin a fhaigheann taca\u00edocht \u00cdCT. Is tusa a roghna\u00edonn tion\u00f3nta\u00ed do do r\u00e9admhaoin. Mar sin f\u00e9in, n\u00ed cheada\u00edtear duit di\u00falt\u00fa r\u00e9admhaoin a ligean ar ch\u00edos do dhuine \u00e9igin d\u00edreach toisc go bhfaigheann an duine sin [&hellip;]<\/p>\n","protected":false},"author":1,"featured_media":0,"parent":594,"menu_order":0,"comment_status":"closed","ping_status":"closed","template":"","meta":{"_uag_custom_page_level_css":"","site-sidebar-layout":"default","site-content-layout":"","ast-site-content-layout":"default","site-content-style":"default","site-sidebar-style":"default","ast-global-header-display":"","ast-banner-title-visibility":"","ast-main-header-display":"","ast-hfb-above-header-display":"","ast-hfb-below-header-display":"","ast-hfb-mobile-header-display":"","site-post-title":"disabled","ast-breadcrumbs-content":"","ast-featured-img":"","footer-sml-layout":"","ast-disable-related-posts":"","theme-transparent-header-meta":"","adv-header-id-meta":"","stick-header-meta":"","header-above-stick-meta":"","header-main-stick-meta":"","header-below-stick-meta":"","astra-migrate-meta-layouts":"default","ast-page-background-enabled":"default","ast-page-background-meta":{"desktop":{"background-color":"var(--ast-global-color-4)","background-image":"","background-repeat":"repeat","background-position":"center center","background-size":"auto","background-attachment":"scroll","background-type":"","background-media":"","overlay-type":"","overlay-color":"","overlay-opacity":"","overlay-gradient":""},"tablet":{"background-color":"","background-image":"","background-repeat":"repeat","background-position":"center center","background-size":"auto","background-attachment":"scroll","background-type":"","background-media":"","overlay-type":"","overlay-color":"","overlay-opacity":"","overlay-gradient":""},"mobile":{"background-color":"","background-image":"","background-repeat":"repeat","background-position":"center center","background-size":"auto","background-attachment":"scroll","background-type":"","background-media":"","overlay-type":"","overlay-color":"","overlay-opacity":"","overlay-gradient":""}},"ast-content-background-meta":{"desktop":{"background-color":"var(--ast-global-color-5)","background-image":"","background-repeat":"repeat","background-position":"center center","background-size":"auto","background-attachment":"scroll","background-type":"","background-media":"","overlay-type":"","overlay-color":"","overlay-opacity":"","overlay-gradient":""},"tablet":{"background-color":"var(--ast-global-color-5)","background-image":"","background-repeat":"repeat","background-position":"center center","background-size":"auto","background-attachment":"scroll","background-type":"","background-media":"","overlay-type":"","overlay-color":"","overlay-opacity":"","overlay-gradient":""},"mobile":{"background-color":"var(--ast-global-color-5)","background-image":"","background-repeat":"repeat","background-position":"center center","background-size":"auto","background-attachment":"scroll","background-type":"","background-media":"","overlay-type":"","overlay-color":"","overlay-opacity":"","overlay-gradient":""}},"footnotes":""},"class_list":["post-600","page","type-page","status-publish","hentry"],"yoast_head":"<!-- This site is optimized with the Yoast SEO plugin v27.1.1 - https:\/\/yoast.com\/product\/yoast-seo-wordpress\/ -->\n<title>Ag iarraidh a bheith i do thiarna tal\u00fan - \u00cdoca\u00edochta C\u00fanaimh Tith\u00edochta<\/title>\n<meta name=\"robots\" content=\"index, follow, max-snippet:-1, max-image-preview:large, max-video-preview:-1\" \/>\n<link rel=\"canonical\" href=\"https:\/\/www.hap.ie\/ga\/landlords\/ag-iarraidh-a-bheith-i-do-thiarna-talun\/\" \/>\n<meta property=\"og:locale\" content=\"ga_IE\" \/>\n<meta property=\"og:type\" content=\"article\" \/>\n<meta property=\"og:title\" content=\"Ag iarraidh a bheith i do thiarna tal\u00fan - \u00cdoca\u00edochta C\u00fanaimh Tith\u00edochta\" \/>\n<meta property=\"og:description\" content=\"Ag iarraidh a bheith i do thiarna tal\u00fan N\u00edl ceangal dl\u00edthi\u00fail ort do r\u00e9admhaoin a ligean ar c\u00edos do dhuine \u00e9igin a fhaigheann taca\u00edocht \u00cdCT. Is tusa a roghna\u00edonn tion\u00f3nta\u00ed do do r\u00e9admhaoin. Mar sin f\u00e9in, n\u00ed cheada\u00edtear duit di\u00falt\u00fa r\u00e9admhaoin a ligean ar ch\u00edos do dhuine \u00e9igin d\u00edreach toisc go bhfaigheann an duine sin [&hellip;]\" \/>\n<meta property=\"og:url\" content=\"https:\/\/www.hap.ie\/ga\/landlords\/ag-iarraidh-a-bheith-i-do-thiarna-talun\/\" \/>\n<meta property=\"og:site_name\" content=\"\u00cdoca\u00edochta C\u00fanaimh Tith\u00edochta\" \/>\n<meta property=\"article:modified_time\" content=\"2022-11-14T14:15:16+00:00\" \/>\n<meta name=\"twitter:card\" content=\"summary_large_image\" \/>\n<meta name=\"twitter:label1\" content=\"Est. reading time\" \/>\n\t<meta name=\"twitter:data1\" content=\"2 minutes\" \/>\n<script type=\"application\/ld+json\" class=\"yoast-schema-graph\">{\"@context\":\"https:\/\/schema.org\",\"@graph\":[{\"@type\":\"WebPage\",\"@id\":\"https:\/\/www.hap.ie\/ga\/landlords\/ag-iarraidh-a-bheith-i-do-thiarna-talun\/\",\"url\":\"https:\/\/www.hap.ie\/ga\/landlords\/ag-iarraidh-a-bheith-i-do-thiarna-talun\/\",\"name\":\"Ag iarraidh a bheith i do thiarna tal\u00fan - \u00cdoca\u00edochta C\u00fanaimh Tith\u00edochta\",\"isPartOf\":{\"@id\":\"https:\/\/www.hap.ie\/ga\/#website\"},\"datePublished\":\"2022-09-30T13:36:55+00:00\",\"dateModified\":\"2022-11-14T14:15:16+00:00\",\"breadcrumb\":{\"@id\":\"https:\/\/www.hap.ie\/ga\/landlords\/ag-iarraidh-a-bheith-i-do-thiarna-talun\/#breadcrumb\"},\"inLanguage\":\"ga-IE\",\"potentialAction\":[{\"@type\":\"ReadAction\",\"target\":[\"https:\/\/www.hap.ie\/ga\/landlords\/ag-iarraidh-a-bheith-i-do-thiarna-talun\/\"]}]},{\"@type\":\"BreadcrumbList\",\"@id\":\"https:\/\/www.hap.ie\/ga\/landlords\/ag-iarraidh-a-bheith-i-do-thiarna-talun\/#breadcrumb\",\"itemListElement\":[{\"@type\":\"ListItem\",\"position\":1,\"name\":\"Tiarna\u00ed Tal\u00fan\",\"item\":\"https:\/\/www.hap.ie\/ga\/landlords\/\"},{\"@type\":\"ListItem\",\"position\":2,\"name\":\"Ag iarraidh a bheith i do thiarna tal\u00fan\"}]},{\"@type\":\"WebSite\",\"@id\":\"https:\/\/www.hap.ie\/ga\/#website\",\"url\":\"https:\/\/www.hap.ie\/ga\/\",\"name\":\"\u00cdoca\u00edochta C\u00fanaimh Tith\u00edochta\",\"description\":\"\",\"publisher\":{\"@id\":\"https:\/\/www.hap.ie\/ga\/#organization\"},\"potentialAction\":[{\"@type\":\"SearchAction\",\"target\":{\"@type\":\"EntryPoint\",\"urlTemplate\":\"https:\/\/www.hap.ie\/ga\/?s={search_term_string}\"},\"query-input\":{\"@type\":\"PropertyValueSpecification\",\"valueRequired\":true,\"valueName\":\"search_term_string\"}}],\"inLanguage\":\"ga-IE\"},{\"@type\":\"Organization\",\"@id\":\"https:\/\/www.hap.ie\/ga\/#organization\",\"name\":\"\u00cdoca\u00edochta C\u00fanaimh Tith\u00edochta\",\"url\":\"https:\/\/www.hap.ie\/ga\/\",\"logo\":{\"@type\":\"ImageObject\",\"inLanguage\":\"ga-IE\",\"@id\":\"https:\/\/www.hap.ie\/ga\/#\/schema\/logo\/image\/\",\"url\":\"https:\/\/hap-cdn-prod.s3.eu-west-1.amazonaws.com\/wp-content\/uploads\/2022\/09\/02094307\/hap.png\",\"contentUrl\":\"https:\/\/hap-cdn-prod.s3.eu-west-1.amazonaws.com\/wp-content\/uploads\/2022\/09\/02094307\/hap.png\",\"width\":590,\"height\":282,\"caption\":\"\u00cdoca\u00edochta C\u00fanaimh Tith\u00edochta\"},\"image\":{\"@id\":\"https:\/\/www.hap.ie\/ga\/#\/schema\/logo\/image\/\"}}]}<\/script>\n<!-- \/ Yoast SEO plugin. -->","yoast_head_json":{"title":"Ag iarraidh a bheith i do thiarna tal\u00fan - \u00cdoca\u00edochta C\u00fanaimh Tith\u00edochta","robots":{"index":"index","follow":"follow","max-snippet":"max-snippet:-1","max-image-preview":"max-image-preview:large","max-video-preview":"max-video-preview:-1"},"canonical":"https:\/\/www.hap.ie\/ga\/landlords\/ag-iarraidh-a-bheith-i-do-thiarna-talun\/","og_locale":"ga_IE","og_type":"article","og_title":"Ag iarraidh a bheith i do thiarna tal\u00fan - \u00cdoca\u00edochta C\u00fanaimh Tith\u00edochta","og_description":"Ag iarraidh a bheith i do thiarna tal\u00fan N\u00edl ceangal dl\u00edthi\u00fail ort do r\u00e9admhaoin a ligean ar c\u00edos do dhuine \u00e9igin a fhaigheann taca\u00edocht \u00cdCT. Is tusa a roghna\u00edonn tion\u00f3nta\u00ed do do r\u00e9admhaoin. Mar sin f\u00e9in, n\u00ed cheada\u00edtear duit di\u00falt\u00fa r\u00e9admhaoin a ligean ar ch\u00edos do dhuine \u00e9igin d\u00edreach toisc go bhfaigheann an duine sin [&hellip;]","og_url":"https:\/\/www.hap.ie\/ga\/landlords\/ag-iarraidh-a-bheith-i-do-thiarna-talun\/","og_site_name":"\u00cdoca\u00edochta C\u00fanaimh Tith\u00edochta","article_modified_time":"2022-11-14T14:15:16+00:00","twitter_card":"summary_large_image","twitter_misc":{"Est. reading time":"2 minutes"},"schema":{"@context":"https:\/\/schema.org","@graph":[{"@type":"WebPage","@id":"https:\/\/www.hap.ie\/ga\/landlords\/ag-iarraidh-a-bheith-i-do-thiarna-talun\/","url":"https:\/\/www.hap.ie\/ga\/landlords\/ag-iarraidh-a-bheith-i-do-thiarna-talun\/","name":"Ag iarraidh a bheith i do thiarna tal\u00fan - \u00cdoca\u00edochta C\u00fanaimh Tith\u00edochta","isPartOf":{"@id":"https:\/\/www.hap.ie\/ga\/#website"},"datePublished":"2022-09-30T13:36:55+00:00","dateModified":"2022-11-14T14:15:16+00:00","breadcrumb":{"@id":"https:\/\/www.hap.ie\/ga\/landlords\/ag-iarraidh-a-bheith-i-do-thiarna-talun\/#breadcrumb"},"inLanguage":"ga-IE","potentialAction":[{"@type":"ReadAction","target":["https:\/\/www.hap.ie\/ga\/landlords\/ag-iarraidh-a-bheith-i-do-thiarna-talun\/"]}]},{"@type":"BreadcrumbList","@id":"https:\/\/www.hap.ie\/ga\/landlords\/ag-iarraidh-a-bheith-i-do-thiarna-talun\/#breadcrumb","itemListElement":[{"@type":"ListItem","position":1,"name":"Tiarna\u00ed Tal\u00fan","item":"https:\/\/www.hap.ie\/ga\/landlords\/"},{"@type":"ListItem","position":2,"name":"Ag iarraidh a bheith i do thiarna tal\u00fan"}]},{"@type":"WebSite","@id":"https:\/\/www.hap.ie\/ga\/#website","url":"https:\/\/www.hap.ie\/ga\/","name":"\u00cdoca\u00edochta C\u00fanaimh Tith\u00edochta","description":"","publisher":{"@id":"https:\/\/www.hap.ie\/ga\/#organization"},"potentialAction":[{"@type":"SearchAction","target":{"@type":"EntryPoint","urlTemplate":"https:\/\/www.hap.ie\/ga\/?s={search_term_string}"},"query-input":{"@type":"PropertyValueSpecification","valueRequired":true,"valueName":"search_term_string"}}],"inLanguage":"ga-IE"},{"@type":"Organization","@id":"https:\/\/www.hap.ie\/ga\/#organization","name":"\u00cdoca\u00edochta C\u00fanaimh Tith\u00edochta","url":"https:\/\/www.hap.ie\/ga\/","logo":{"@type":"ImageObject","inLanguage":"ga-IE","@id":"https:\/\/www.hap.ie\/ga\/#\/schema\/logo\/image\/","url":"https:\/\/hap-cdn-prod.s3.eu-west-1.amazonaws.com\/wp-content\/uploads\/2022\/09\/02094307\/hap.png","contentUrl":"https:\/\/hap-cdn-prod.s3.eu-west-1.amazonaws.com\/wp-content\/uploads\/2022\/09\/02094307\/hap.png","width":590,"height":282,"caption":"\u00cdoca\u00edochta C\u00fanaimh Tith\u00edochta"},"image":{"@id":"https:\/\/www.hap.ie\/ga\/#\/schema\/logo\/image\/"}}]}},"spectra_custom_meta":{"_wpml_media_duplicate":["0"],"_wpml_media_featured":["1"],"adv-header-id-meta":[""],"stick-header-meta":[""],"site-post-title":["disabled"],"theme-transparent-header-meta":[""],"_top_nav_excluded":[""],"_cms_nav_minihome":[""],"_last_translation_edit_mode":["translation-editor"],"_wp_page_template":[""],"_cmplz_scanned_post":["1"],"_uag_page_assets":["a:9:{s:3:\"css\";s:0:\"\";s:2:\"js\";s:0:\"\";s:18:\"current_block_list\";a:10:{i:0;s:12:\"core\/heading\";i:1;s:14:\"core\/paragraph\";i:2;s:9:\"core\/list\";i:3;s:14:\"core\/list-item\";i:4;s:12:\"core\/columns\";i:5;s:11:\"core\/column\";i:6;s:9:\"core\/html\";i:7;s:10:\"core\/group\";i:12;s:10:\"core\/image\";i:13;s:28:\"tiptip\/hyperlink-group-block\";}s:8:\"uag_flag\";b:0;s:11:\"uag_version\";s:10:\"1777576695\";s:6:\"gfonts\";a:0:{}s:10:\"gfonts_url\";s:0:\"\";s:12:\"gfonts_files\";a:0:{}s:14:\"uag_faq_layout\";b:0;}"]},"uagb_featured_image_src":{"full":false,"thumbnail":false,"medium":false,"medium_large":false,"large":false,"1536x1536":false,"2048x2048":false},"uagb_author_info":{"display_name":"BobbyJo","author_link":"https:\/\/www.hap.ie\/ga\/author\/bobbyjo\/"},"uagb_comment_info":0,"uagb_excerpt":"Ag iarraidh a bheith i do thiarna tal\u00fan N\u00edl ceangal dl\u00edthi\u00fail ort do r\u00e9admhaoin a ligean ar c\u00edos do dhuine \u00e9igin a fhaigheann taca\u00edocht \u00cdCT. Is tusa a roghna\u00edonn tion\u00f3nta\u00ed do do r\u00e9admhaoin. Mar sin f\u00e9in, n\u00ed cheada\u00edtear duit di\u00falt\u00fa r\u00e9admhaoin a ligean ar ch\u00edos do dhuine \u00e9igin d\u00edreach toisc go bhfaigheann an duine sin&hellip;","_links":{"self":[{"href":"https:\/\/www.hap.ie\/ga\/wp-json\/wp\/v2\/pages\/600","targetHints":{"allow":["GET"]}}],"collection":[{"href":"https:\/\/www.hap.ie\/ga\/wp-json\/wp\/v2\/pages"}],"about":[{"href":"https:\/\/www.hap.ie\/ga\/wp-json\/wp\/v2\/types\/page"}],"author":[{"embeddable":true,"href":"https:\/\/www.hap.ie\/ga\/wp-json\/wp\/v2\/users\/1"}],"replies":[{"embeddable":true,"href":"https:\/\/www.hap.ie\/ga\/wp-json\/wp\/v2\/comments?post=600"}],"version-history":[{"count":5,"href":"https:\/\/www.hap.ie\/ga\/wp-json\/wp\/v2\/pages\/600\/revisions"}],"predecessor-version":[{"id":904,"href":"https:\/\/www.hap.ie\/ga\/wp-json\/wp\/v2\/pages\/600\/revisions\/904"}],"up":[{"embeddable":true,"href":"https:\/\/www.hap.ie\/ga\/wp-json\/wp\/v2\/pages\/594"}],"wp:attachment":[{"href":"https:\/\/www.hap.ie\/ga\/wp-json\/wp\/v2\/media?parent=600"}],"curies":[{"name":"wp","href":"https:\/\/api.w.org\/{rel}","templated":true}]}}