{"id":592,"date":"2022-09-30T13:34:54","date_gmt":"2022-09-30T13:34:54","guid":{"rendered":"https:\/\/www.hap.ie\/tenants\/sceim-ict-tearmai-agus-coinniollacha-na-tionontai\/"},"modified":"2025-05-26T08:19:00","modified_gmt":"2025-05-26T08:19:00","slug":"sceim-ict-tearmai-agus-coinniollacha-na-tionontai","status":"publish","type":"page","link":"https:\/\/www.hap.ie\/ga\/tenants\/sceim-ict-tearmai-agus-coinniollacha-na-tionontai\/","title":{"rendered":"Sc\u00e9im ICT &#8211; T\u00e9arma\u00ed agus Coinn\u00edollacha na tion\u00f3nta\u00ed"},"content":{"rendered":"\n<h1 class=\"wp-block-heading tenants\">Sc\u00e9im ICT &#8211; T\u00e9arma\u00ed agus Coinn\u00edollacha na tion\u00f3nta\u00ed<\/h1>\n\n<p>Nuair a th\u00e9ann t\u00fa isteach sa sc\u00e9im ICT s\u00edn\u00edonn t\u00fa Comhaont\u00fa Rann\u00edoca\u00edochta C\u00edosa. Coinn\u00edonn An Comhaont\u00fa Rann\u00edoca\u00edochta C\u00edosa t\u00e9arma\u00ed agus coinn\u00edollacha an sc\u00e9im ICT. Aonta\u00edonn t\u00fa leis na t\u00e9arma\u00ed agus coinn\u00edollacha a lean\u00faint nuair a sh\u00edn\u00edonn t\u00fa an comhaont\u00fa.<\/p>\n\n<p>N\u00ed hiad na t\u00e9arma\u00ed agus coinn\u00edollacha ioml\u00e1na th\u00edos. Le haghaidh leagan ioml\u00e1n de na t\u00e9arma\u00ed agus coinn\u00edollacha le do thoil f\u00e9ach ar do Chomhaont\u00fa Rann\u00edoca\u00edochta C\u00edosa at\u00e1 s\u00ednithe.<\/p>\n\n<p>T\u00e1 s\u00e9 t\u00e1bhachtach a bheith ar an eolas go bhfuil \u00edoca\u00edochta\u00ed ICT d\u00e9anta go dt\u00ed do thiarna tal\u00fan ag Ionad Seirbh\u00edse Roinnte HAP i Luimneach, ar son d&#8217;h\u00fadar\u00e1s \u00e1iti\u00fail. Is f\u00e9idir \u00edoc as do rann\u00edoca\u00edocht c\u00edosa sheachtaini\u00fail go hIonad Seirbh\u00edse Roinnte HAP.<\/p>\n\n<h2 class=\"wp-block-heading\"><strong><u>Tr\u00ed \u00edoca\u00edocht a fh\u00e1il \u00f3 m&#8217;\u00fadar\u00e1s \u00e1itiuil \u00f3 mo thion\u00f3ntacht HAP:<\/u><\/strong><\/h2>\n\n<h3 class=\"wp-block-heading\"><strong>Tion\u00f3ntacht<\/strong><\/h3>\n\n<p>N\u00ed m\u00f3r tion\u00f3ntacht a bheith agam at\u00e1 aontaithe de mheon mac\u00e1nta agam f\u00e9in agus ag mo thiarna tal\u00fan. I gc\u00e1s go bhfuil caidreamh teaghlaigh ann idir m\u00e9 f\u00e9in mar thion\u00f3nta agus an tiarna tal\u00fan, f\u00e9adfaidh an t-\u00fadar\u00e1s \u00e1iti\u00fail fianaise a lorg maidir le caidreamh a bh\u00ed agam mar thion\u00f3nta le tiarna tal\u00fan eile roimhe seo.  Is leis na ruda\u00ed seo a leanas a bheith mar fhianaise:<\/p>\n\n<ul class=\"wp-block-list\">\n<li>Cruth\u00fanas ar \u00edoca\u00edochta\u00ed c\u00edosa <\/li>\n\n\n\n<li>L\u00e9as n\u00f3 comhaont\u00fa tion\u00f3ntachta i leith na r\u00e9admhaoine<\/li>\n\n\n\n<li>Cl\u00e1r\u00fa na tion\u00f3ntachta leis an mBord um Thion\u00f3ntachta\u00ed C\u00f3naithe (RTB)<\/li>\n<\/ul>\n\n<p><em>N\u00ed f\u00e9idir \u00cdCT (\u00cdoca\u00edocht C\u00fanaimh Tith\u00edochta) a \u00edoc m\u00e1 t\u00e1 m\u00e9 ag iarraidh l\u00f3ist\u00edn a fh\u00e1il ar c\u00edos laistigh de theach an teaghlaigh.<\/em><\/p>\n\n<h3 class=\"wp-block-heading\">C\u00edos sheachtaini\u00fail<\/h3>\n\n<p>Aonta\u00edm le mo rann\u00edoca\u00edocht c\u00edosa seachtaini\u00fala a \u00edoc go dt\u00ed m&#8217;\u00fadar\u00e1s \u00e1iti\u00fail. R\u00edomhfaidh m\u2019\u00fadar\u00e1s \u00e1iti\u00fail mo rann\u00edoca\u00edocht c\u00edosa seachtaini\u00fala de r\u00e9ir a Sc\u00e9im C\u00edosanna Difre\u00e1lacha.<\/p>\n\n<h3 class=\"wp-block-heading\"><strong>Athruithe ar mo ch\u00edos sheachtaini\u00fail<\/strong><\/h3>\n\n<p>T\u00e1 a fhios agam go bhfuil m&#8217;\u00fadar\u00e1s \u00e1iti\u00fail in ann, \u00f3 am go ham, m\u00e9id mo rann\u00edoca\u00edocht c\u00edosa seachtaini\u00fala a athr\u00fa m\u00e1:<\/p>\n\n<ul class=\"wp-block-list\">\n<li>T\u00e1 athru i Sc\u00e9im C\u00edosanna Difre\u00e1lacha i m&#8217;\u00fadar\u00e1s \u00e1iti\u00fail<\/li>\n\n\n\n<li>M\u00e1 athra\u00edonn mo ch\u00fainse n\u00f3 ioncam. Mar shampla, m\u00e1 arda\u00edonn m&#8217;ioncam, b&#8217;fh\u00e9idir go n-athr\u00f3dh mo rann\u00edoca\u00edocht c\u00edosa seachtaini\u00fala<\/li>\n<\/ul>\n\n<h3 class=\"wp-block-heading\"><strong>Fianaise ioncaim<\/strong><\/h3>\n\n<p>Nuair a iarradh orm, tabharfaidh m\u00e9 m&#8217;fhianaise ioncaim agus ioncam mo theaghlach go dt\u00ed m&#8217;\u00fadar\u00e1s \u00e1iti\u00fail. Tabharfaidh m\u00e9 aon doicim\u00e9id a bhfuil ag teast\u00e1il go dt\u00ed m&#8217;\u00fadar\u00e1s \u00e1iti\u00fail chun m&#8217;ioncam a chinnti\u00fa. Is f\u00e9idir leis an \u00fadar\u00e1s \u00e1iti\u00fail m&#8217;ioncam a sheice\u00e1il le comhlachta\u00ed st\u00e1t.<\/p>\n\n<h3 class=\"wp-block-heading\"><strong>Athr\u00fa ioncaim<\/strong><\/h3>\n\n<p>M\u00e1 athra\u00edonn m&#8217;ioncam n\u00f3 ioncam mo theaghlach, cuirfidh m\u00e9 m&#8217;\u00fadar\u00e1s \u00e1iti\u00fail ar an eolas faoi. Tuigim mura nd\u00e9anaim \u00e9 seo, b&#8217;fh\u00e9idir go mbeidh riar\u00e1iste c\u00edosa suntasacha agus is f\u00e9idir an taca\u00edocht ICT a chailli\u00faint.<\/p>\n\n<h3 class=\"wp-block-heading\"><strong>\u00cdoca\u00edochta\u00ed \u00cdCT a stopadh<\/strong><\/h3>\n\n<p>T\u00e1 a fhios agam go bhfuil m&#8217;\u00fadar\u00e1s \u00e1iti\u00fail in ann a bheith ag d\u00e9anamh \u00edoca\u00edocht ICT a chuir ar fionra\u00ed n\u00f3 stopadh go dt\u00ed mo thiarna tal\u00fan ar mo shon m\u00e1 tharla\u00edonn aon cheann de na ruda\u00ed seo a leanas:<\/p>\n\n<ul class=\"wp-block-list\">\n<li>mura dtugaim m&#8217;\u00fadar\u00e1s \u00e1iti\u00fail an t-eolas at\u00e1 ag teast\u00e1il uathu, mar shampla eolas faoi na daoine i mo theaghlach n\u00f3 daoine at\u00e1 ag iarraidh teacht isteach i mo theaghlach; n\u00f3<\/li>\n\n\n\n<li>mura n-\u00edocaim mo rann\u00edoca\u00edocht c\u00edosa seachtaini\u00fala; n\u00f3<\/li>\n\n\n\n<li>M\u00e1 ghlacaim p\u00e1irt in iompra\u00edocht fhrithsh\u00f3isialta; n\u00f3<\/li>\n\n\n\n<li>m\u00e1 bhogaim go teach nua istigh de 2 bhliain an comhaont\u00fa a sh\u00edni\u00fa agus m\u00e1 iarraim ar thaca\u00edocht ICT le haghaidh an t\u00ed nua, gan cead an m&#8217;\u00fadar\u00e1s \u00e1iti\u00fail;<\/li>\n<\/ul>\n\n<h3 class=\"wp-block-heading\"><strong>M\u00e1 chuirtear stop le \u00edoca\u00edochta\u00ed \u00cdCT<\/strong><\/h3>\n\n<p>Nuair a stopann an t-\u00fadar\u00e1s \u00e1iti\u00fail na h\u00edoca\u00edochta\u00ed, beidh m\u00e9 freagrach as c\u00edos dlite a \u00edoc go dt\u00ed mo thiarna tal\u00fan.<\/p>\n\n<h3 class=\"wp-block-heading\"><strong>Conas mo ch\u00edos seachtaini\u00fail a \u00edoc<\/strong><\/h3>\n\n<p>\u00cdocfaidh m\u00e9 mo rann\u00edoca\u00edocht c\u00edosa sheachtaini\u00fail, aon mh\u00e9ad\u00fa a bhain le hathr\u00fa ar m\u2019ioncam n\u00f3 ioncam mo theaghlaigh san \u00e1ireamh, ag \u00fas\u00e1id <a href=\"https:\/\/www.hap.ie\/ga\/tenants\/ag-ioc-as-do-ranniocaiochtai-ciosanna-seachtainiula\/\">ceann de na modhanna at\u00e1 liostaithe anseo<\/a> .<\/p>\n\n<h3 class=\"wp-block-heading\"><strong>C\u00edos seachtaini\u00fail ioml\u00e1n a \u00edoc<\/strong><\/h3>\n\n<p>N\u00ed laghd\u00f3idh m\u00e9 an \u00edoca\u00edocht a bhaineann le mo rann\u00edoca\u00edocht c\u00edosa seachtaini\u00fala le haghaidh aon ch\u00fais.<\/p>\n\n<h3 class=\"wp-block-heading\"><strong>Freagracht as c\u00edos seachtaini\u00fail a \u00edoc<\/strong><\/h3>\n\n<p>T\u00e1 a fhios agam go bhfuil an fhreagracht ormsa chun cinnti\u00fa go n-\u00edocaim mo rann\u00edoca\u00edocht c\u00edosa seachtaini\u00fala go dt\u00ed m&#8217;\u00fadar\u00e1s \u00e1iti\u00fail gach seachtain.<\/p>\n\n<div class=\"wp-block-columns is-layout-flex wp-container-core-columns-is-layout-28f84493 wp-block-columns-is-layout-flex\" id=\"pagination\">\n<div class=\"wp-block-column is-layout-flow wp-block-column-is-layout-flow\" style=\"flex-basis:200px\">\n<div class=\"wp-block-button\"><a class=\"wp-block-button__link has-ast-global-color-5-color has-text-color has-background\" style=\"background-color:#68308c\" aria-label=\"Previous Page: Paying your HAP Rent\" href=\"https:\/\/www.hap.ie\/ga\/tenants\/conas-iarratas-a-dheanamh-ar-aisiocaiocht-ciosa-ro-ioctha-le-dudaras-aitiuil\/\">An Leathanach Roimhe Seo<\/a><\/div>\n<\/div>\n\n\n\n<div class=\"wp-block-column is-layout-flow wp-block-column-is-layout-flow\"><\/div>\n\n\n\n<div class=\"wp-block-column is-layout-flow wp-block-column-is-layout-flow\" style=\"flex-basis:200px\"><\/div>\n<\/div>\n","protected":false},"excerpt":{"rendered":"<p>Sc\u00e9im ICT &#8211; T\u00e9arma\u00ed agus Coinn\u00edollacha na tion\u00f3nta\u00ed Nuair a th\u00e9ann t\u00fa isteach sa sc\u00e9im ICT s\u00edn\u00edonn t\u00fa Comhaont\u00fa Rann\u00edoca\u00edochta C\u00edosa. Coinn\u00edonn An Comhaont\u00fa Rann\u00edoca\u00edochta C\u00edosa t\u00e9arma\u00ed agus coinn\u00edollacha an sc\u00e9im ICT. Aonta\u00edonn t\u00fa leis na t\u00e9arma\u00ed agus coinn\u00edollacha a lean\u00faint nuair a sh\u00edn\u00edonn t\u00fa an comhaont\u00fa. N\u00ed hiad na t\u00e9arma\u00ed agus coinn\u00edollacha ioml\u00e1na th\u00edos. [&hellip;]<\/p>\n","protected":false},"author":1,"featured_media":0,"parent":564,"menu_order":0,"comment_status":"closed","ping_status":"closed","template":"","meta":{"_uag_custom_page_level_css":"","site-sidebar-layout":"default","site-content-layout":"","ast-site-content-layout":"default","site-content-style":"default","site-sidebar-style":"default","ast-global-header-display":"","ast-banner-title-visibility":"","ast-main-header-display":"","ast-hfb-above-header-display":"","ast-hfb-below-header-display":"","ast-hfb-mobile-header-display":"","site-post-title":"disabled","ast-breadcrumbs-content":"","ast-featured-img":"","footer-sml-layout":"","ast-disable-related-posts":"","theme-transparent-header-meta":"","adv-header-id-meta":"","stick-header-meta":"","header-above-stick-meta":"","header-main-stick-meta":"","header-below-stick-meta":"","astra-migrate-meta-layouts":"default","ast-page-background-enabled":"default","ast-page-background-meta":{"desktop":{"background-color":"var(--ast-global-color-4)","background-image":"","background-repeat":"repeat","background-position":"center center","background-size":"auto","background-attachment":"scroll","background-type":"","background-media":"","overlay-type":"","overlay-color":"","overlay-opacity":"","overlay-gradient":""},"tablet":{"background-color":"","background-image":"","background-repeat":"repeat","background-position":"center center","background-size":"auto","background-attachment":"scroll","background-type":"","background-media":"","overlay-type":"","overlay-color":"","overlay-opacity":"","overlay-gradient":""},"mobile":{"background-color":"","background-image":"","background-repeat":"repeat","background-position":"center center","background-size":"auto","background-attachment":"scroll","background-type":"","background-media":"","overlay-type":"","overlay-color":"","overlay-opacity":"","overlay-gradient":""}},"ast-content-background-meta":{"desktop":{"background-color":"var(--ast-global-color-5)","background-image":"","background-repeat":"repeat","background-position":"center center","background-size":"auto","background-attachment":"scroll","background-type":"","background-media":"","overlay-type":"","overlay-color":"","overlay-opacity":"","overlay-gradient":""},"tablet":{"background-color":"var(--ast-global-color-5)","background-image":"","background-repeat":"repeat","background-position":"center center","background-size":"auto","background-attachment":"scroll","background-type":"","background-media":"","overlay-type":"","overlay-color":"","overlay-opacity":"","overlay-gradient":""},"mobile":{"background-color":"var(--ast-global-color-5)","background-image":"","background-repeat":"repeat","background-position":"center center","background-size":"auto","background-attachment":"scroll","background-type":"","background-media":"","overlay-type":"","overlay-color":"","overlay-opacity":"","overlay-gradient":""}},"footnotes":""},"class_list":["post-592","page","type-page","status-publish","hentry"],"yoast_head":"<!-- This site is optimized with the Yoast SEO plugin v27.1.1 - https:\/\/yoast.com\/product\/yoast-seo-wordpress\/ -->\n<title>Sc\u00e9im ICT - T\u00e9arma\u00ed agus Coinn\u00edollacha na tion\u00f3nta\u00ed - \u00cdoca\u00edochta C\u00fanaimh Tith\u00edochta<\/title>\n<meta name=\"robots\" content=\"index, follow, max-snippet:-1, max-image-preview:large, max-video-preview:-1\" \/>\n<link rel=\"canonical\" href=\"https:\/\/www.hap.ie\/ga\/tenants\/sceim-ict-tearmai-agus-coinniollacha-na-tionontai\/\" \/>\n<meta property=\"og:locale\" content=\"ga_IE\" \/>\n<meta property=\"og:type\" content=\"article\" \/>\n<meta property=\"og:title\" content=\"Sc\u00e9im ICT - T\u00e9arma\u00ed agus Coinn\u00edollacha na tion\u00f3nta\u00ed - \u00cdoca\u00edochta C\u00fanaimh Tith\u00edochta\" \/>\n<meta property=\"og:description\" content=\"Sc\u00e9im ICT &#8211; T\u00e9arma\u00ed agus Coinn\u00edollacha na tion\u00f3nta\u00ed Nuair a th\u00e9ann t\u00fa isteach sa sc\u00e9im ICT s\u00edn\u00edonn t\u00fa Comhaont\u00fa Rann\u00edoca\u00edochta C\u00edosa. Coinn\u00edonn An Comhaont\u00fa Rann\u00edoca\u00edochta C\u00edosa t\u00e9arma\u00ed agus coinn\u00edollacha an sc\u00e9im ICT. Aonta\u00edonn t\u00fa leis na t\u00e9arma\u00ed agus coinn\u00edollacha a lean\u00faint nuair a sh\u00edn\u00edonn t\u00fa an comhaont\u00fa. N\u00ed hiad na t\u00e9arma\u00ed agus coinn\u00edollacha ioml\u00e1na th\u00edos. [&hellip;]\" \/>\n<meta property=\"og:url\" content=\"https:\/\/www.hap.ie\/ga\/tenants\/sceim-ict-tearmai-agus-coinniollacha-na-tionontai\/\" \/>\n<meta property=\"og:site_name\" content=\"\u00cdoca\u00edochta C\u00fanaimh Tith\u00edochta\" \/>\n<meta property=\"article:modified_time\" content=\"2025-05-26T08:19:00+00:00\" \/>\n<meta name=\"twitter:card\" content=\"summary_large_image\" \/>\n<meta name=\"twitter:label1\" content=\"Est. reading time\" \/>\n\t<meta name=\"twitter:data1\" content=\"4 minutes\" \/>\n<script type=\"application\/ld+json\" class=\"yoast-schema-graph\">{\"@context\":\"https:\/\/schema.org\",\"@graph\":[{\"@type\":\"WebPage\",\"@id\":\"https:\/\/www.hap.ie\/ga\/tenants\/sceim-ict-tearmai-agus-coinniollacha-na-tionontai\/\",\"url\":\"https:\/\/www.hap.ie\/ga\/tenants\/sceim-ict-tearmai-agus-coinniollacha-na-tionontai\/\",\"name\":\"Sc\u00e9im ICT - T\u00e9arma\u00ed agus Coinn\u00edollacha na tion\u00f3nta\u00ed - \u00cdoca\u00edochta C\u00fanaimh Tith\u00edochta\",\"isPartOf\":{\"@id\":\"https:\/\/www.hap.ie\/ga\/#website\"},\"datePublished\":\"2022-09-30T13:34:54+00:00\",\"dateModified\":\"2025-05-26T08:19:00+00:00\",\"breadcrumb\":{\"@id\":\"https:\/\/www.hap.ie\/ga\/tenants\/sceim-ict-tearmai-agus-coinniollacha-na-tionontai\/#breadcrumb\"},\"inLanguage\":\"ga-IE\",\"potentialAction\":[{\"@type\":\"ReadAction\",\"target\":[\"https:\/\/www.hap.ie\/ga\/tenants\/sceim-ict-tearmai-agus-coinniollacha-na-tionontai\/\"]}]},{\"@type\":\"BreadcrumbList\",\"@id\":\"https:\/\/www.hap.ie\/ga\/tenants\/sceim-ict-tearmai-agus-coinniollacha-na-tionontai\/#breadcrumb\",\"itemListElement\":[{\"@type\":\"ListItem\",\"position\":1,\"name\":\"Tion\u00f3nta\u00ed\",\"item\":\"https:\/\/www.hap.ie\/ga\/tenants\/\"},{\"@type\":\"ListItem\",\"position\":2,\"name\":\"Sc\u00e9im ICT &#8211; T\u00e9arma\u00ed agus Coinn\u00edollacha na tion\u00f3nta\u00ed\"}]},{\"@type\":\"WebSite\",\"@id\":\"https:\/\/www.hap.ie\/ga\/#website\",\"url\":\"https:\/\/www.hap.ie\/ga\/\",\"name\":\"\u00cdoca\u00edochta C\u00fanaimh Tith\u00edochta\",\"description\":\"\",\"publisher\":{\"@id\":\"https:\/\/www.hap.ie\/ga\/#organization\"},\"potentialAction\":[{\"@type\":\"SearchAction\",\"target\":{\"@type\":\"EntryPoint\",\"urlTemplate\":\"https:\/\/www.hap.ie\/ga\/?s={search_term_string}\"},\"query-input\":{\"@type\":\"PropertyValueSpecification\",\"valueRequired\":true,\"valueName\":\"search_term_string\"}}],\"inLanguage\":\"ga-IE\"},{\"@type\":\"Organization\",\"@id\":\"https:\/\/www.hap.ie\/ga\/#organization\",\"name\":\"\u00cdoca\u00edochta C\u00fanaimh Tith\u00edochta\",\"url\":\"https:\/\/www.hap.ie\/ga\/\",\"logo\":{\"@type\":\"ImageObject\",\"inLanguage\":\"ga-IE\",\"@id\":\"https:\/\/www.hap.ie\/ga\/#\/schema\/logo\/image\/\",\"url\":\"https:\/\/hap-cdn-prod.s3.eu-west-1.amazonaws.com\/wp-content\/uploads\/2022\/09\/02094307\/hap.png\",\"contentUrl\":\"https:\/\/hap-cdn-prod.s3.eu-west-1.amazonaws.com\/wp-content\/uploads\/2022\/09\/02094307\/hap.png\",\"width\":590,\"height\":282,\"caption\":\"\u00cdoca\u00edochta C\u00fanaimh Tith\u00edochta\"},\"image\":{\"@id\":\"https:\/\/www.hap.ie\/ga\/#\/schema\/logo\/image\/\"}}]}<\/script>\n<!-- \/ Yoast SEO plugin. -->","yoast_head_json":{"title":"Sc\u00e9im ICT - T\u00e9arma\u00ed agus Coinn\u00edollacha na tion\u00f3nta\u00ed - \u00cdoca\u00edochta C\u00fanaimh Tith\u00edochta","robots":{"index":"index","follow":"follow","max-snippet":"max-snippet:-1","max-image-preview":"max-image-preview:large","max-video-preview":"max-video-preview:-1"},"canonical":"https:\/\/www.hap.ie\/ga\/tenants\/sceim-ict-tearmai-agus-coinniollacha-na-tionontai\/","og_locale":"ga_IE","og_type":"article","og_title":"Sc\u00e9im ICT - T\u00e9arma\u00ed agus Coinn\u00edollacha na tion\u00f3nta\u00ed - \u00cdoca\u00edochta C\u00fanaimh Tith\u00edochta","og_description":"Sc\u00e9im ICT &#8211; T\u00e9arma\u00ed agus Coinn\u00edollacha na tion\u00f3nta\u00ed Nuair a th\u00e9ann t\u00fa isteach sa sc\u00e9im ICT s\u00edn\u00edonn t\u00fa Comhaont\u00fa Rann\u00edoca\u00edochta C\u00edosa. Coinn\u00edonn An Comhaont\u00fa Rann\u00edoca\u00edochta C\u00edosa t\u00e9arma\u00ed agus coinn\u00edollacha an sc\u00e9im ICT. Aonta\u00edonn t\u00fa leis na t\u00e9arma\u00ed agus coinn\u00edollacha a lean\u00faint nuair a sh\u00edn\u00edonn t\u00fa an comhaont\u00fa. N\u00ed hiad na t\u00e9arma\u00ed agus coinn\u00edollacha ioml\u00e1na th\u00edos. [&hellip;]","og_url":"https:\/\/www.hap.ie\/ga\/tenants\/sceim-ict-tearmai-agus-coinniollacha-na-tionontai\/","og_site_name":"\u00cdoca\u00edochta C\u00fanaimh Tith\u00edochta","article_modified_time":"2025-05-26T08:19:00+00:00","twitter_card":"summary_large_image","twitter_misc":{"Est. reading time":"4 minutes"},"schema":{"@context":"https:\/\/schema.org","@graph":[{"@type":"WebPage","@id":"https:\/\/www.hap.ie\/ga\/tenants\/sceim-ict-tearmai-agus-coinniollacha-na-tionontai\/","url":"https:\/\/www.hap.ie\/ga\/tenants\/sceim-ict-tearmai-agus-coinniollacha-na-tionontai\/","name":"Sc\u00e9im ICT - T\u00e9arma\u00ed agus Coinn\u00edollacha na tion\u00f3nta\u00ed - \u00cdoca\u00edochta C\u00fanaimh Tith\u00edochta","isPartOf":{"@id":"https:\/\/www.hap.ie\/ga\/#website"},"datePublished":"2022-09-30T13:34:54+00:00","dateModified":"2025-05-26T08:19:00+00:00","breadcrumb":{"@id":"https:\/\/www.hap.ie\/ga\/tenants\/sceim-ict-tearmai-agus-coinniollacha-na-tionontai\/#breadcrumb"},"inLanguage":"ga-IE","potentialAction":[{"@type":"ReadAction","target":["https:\/\/www.hap.ie\/ga\/tenants\/sceim-ict-tearmai-agus-coinniollacha-na-tionontai\/"]}]},{"@type":"BreadcrumbList","@id":"https:\/\/www.hap.ie\/ga\/tenants\/sceim-ict-tearmai-agus-coinniollacha-na-tionontai\/#breadcrumb","itemListElement":[{"@type":"ListItem","position":1,"name":"Tion\u00f3nta\u00ed","item":"https:\/\/www.hap.ie\/ga\/tenants\/"},{"@type":"ListItem","position":2,"name":"Sc\u00e9im ICT &#8211; T\u00e9arma\u00ed agus Coinn\u00edollacha na tion\u00f3nta\u00ed"}]},{"@type":"WebSite","@id":"https:\/\/www.hap.ie\/ga\/#website","url":"https:\/\/www.hap.ie\/ga\/","name":"\u00cdoca\u00edochta C\u00fanaimh Tith\u00edochta","description":"","publisher":{"@id":"https:\/\/www.hap.ie\/ga\/#organization"},"potentialAction":[{"@type":"SearchAction","target":{"@type":"EntryPoint","urlTemplate":"https:\/\/www.hap.ie\/ga\/?s={search_term_string}"},"query-input":{"@type":"PropertyValueSpecification","valueRequired":true,"valueName":"search_term_string"}}],"inLanguage":"ga-IE"},{"@type":"Organization","@id":"https:\/\/www.hap.ie\/ga\/#organization","name":"\u00cdoca\u00edochta C\u00fanaimh Tith\u00edochta","url":"https:\/\/www.hap.ie\/ga\/","logo":{"@type":"ImageObject","inLanguage":"ga-IE","@id":"https:\/\/www.hap.ie\/ga\/#\/schema\/logo\/image\/","url":"https:\/\/hap-cdn-prod.s3.eu-west-1.amazonaws.com\/wp-content\/uploads\/2022\/09\/02094307\/hap.png","contentUrl":"https:\/\/hap-cdn-prod.s3.eu-west-1.amazonaws.com\/wp-content\/uploads\/2022\/09\/02094307\/hap.png","width":590,"height":282,"caption":"\u00cdoca\u00edochta C\u00fanaimh Tith\u00edochta"},"image":{"@id":"https:\/\/www.hap.ie\/ga\/#\/schema\/logo\/image\/"}}]}},"spectra_custom_meta":{"_wpml_media_duplicate":["0"],"_wpml_media_featured":["1"],"adv-header-id-meta":[""],"stick-header-meta":[""],"site-post-title":["disabled"],"theme-transparent-header-meta":[""],"_top_nav_excluded":[""],"_cms_nav_minihome":[""],"_last_translation_edit_mode":["translation-editor"],"_wp_page_template":[""],"cmplz_hide_cookiebanner":[""],"_cmplz_scanned_post":["1"],"ast-main-header-display":[""],"ast-hfb-above-header-display":[""],"ast-hfb-below-header-display":[""],"ast-hfb-mobile-header-display":[""],"footer-sml-layout":[""],"header-main-stick-meta":[""],"header-above-stick-meta":[""],"header-below-stick-meta":[""],"site-sidebar-layout":["default"],"site-content-layout":[""],"ast-featured-img":[""],"ast-breadcrumbs-content":[""],"ast-banner-title-visibility":[""],"ast-global-header-display":[""],"ast-site-content-layout":["default"],"site-content-style":["default"],"site-sidebar-style":["default"],"_wpml_word_count":["740"],"_uag_page_assets":["a:9:{s:3:\"css\";s:0:\"\";s:2:\"js\";s:0:\"\";s:18:\"current_block_list\";a:10:{i:0;s:12:\"core\/heading\";i:1;s:14:\"core\/paragraph\";i:2;s:9:\"core\/list\";i:3;s:14:\"core\/list-item\";i:4;s:12:\"core\/columns\";i:5;s:11:\"core\/column\";i:6;s:9:\"core\/html\";i:7;s:10:\"core\/group\";i:12;s:10:\"core\/image\";i:13;s:28:\"tiptip\/hyperlink-group-block\";}s:8:\"uag_flag\";b:0;s:11:\"uag_version\";s:10:\"1777384197\";s:6:\"gfonts\";a:0:{}s:10:\"gfonts_url\";s:0:\"\";s:12:\"gfonts_files\";a:0:{}s:14:\"uag_faq_layout\";b:0;}"]},"uagb_featured_image_src":{"full":false,"thumbnail":false,"medium":false,"medium_large":false,"large":false,"1536x1536":false,"2048x2048":false},"uagb_author_info":{"display_name":"BobbyJo","author_link":"https:\/\/www.hap.ie\/ga\/author\/bobbyjo\/"},"uagb_comment_info":0,"uagb_excerpt":"Sc\u00e9im ICT &#8211; T\u00e9arma\u00ed agus Coinn\u00edollacha na tion\u00f3nta\u00ed Nuair a th\u00e9ann t\u00fa isteach sa sc\u00e9im ICT s\u00edn\u00edonn t\u00fa Comhaont\u00fa Rann\u00edoca\u00edochta C\u00edosa. Coinn\u00edonn An Comhaont\u00fa Rann\u00edoca\u00edochta C\u00edosa t\u00e9arma\u00ed agus coinn\u00edollacha an sc\u00e9im ICT. Aonta\u00edonn t\u00fa leis na t\u00e9arma\u00ed agus coinn\u00edollacha a lean\u00faint nuair a sh\u00edn\u00edonn t\u00fa an comhaont\u00fa. N\u00ed hiad na t\u00e9arma\u00ed agus coinn\u00edollacha ioml\u00e1na th\u00edos.&hellip;","_links":{"self":[{"href":"https:\/\/www.hap.ie\/ga\/wp-json\/wp\/v2\/pages\/592","targetHints":{"allow":["GET"]}}],"collection":[{"href":"https:\/\/www.hap.ie\/ga\/wp-json\/wp\/v2\/pages"}],"about":[{"href":"https:\/\/www.hap.ie\/ga\/wp-json\/wp\/v2\/types\/page"}],"author":[{"embeddable":true,"href":"https:\/\/www.hap.ie\/ga\/wp-json\/wp\/v2\/users\/1"}],"replies":[{"embeddable":true,"href":"https:\/\/www.hap.ie\/ga\/wp-json\/wp\/v2\/comments?post=592"}],"version-history":[{"count":5,"href":"https:\/\/www.hap.ie\/ga\/wp-json\/wp\/v2\/pages\/592\/revisions"}],"predecessor-version":[{"id":1334,"href":"https:\/\/www.hap.ie\/ga\/wp-json\/wp\/v2\/pages\/592\/revisions\/1334"}],"up":[{"embeddable":true,"href":"https:\/\/www.hap.ie\/ga\/wp-json\/wp\/v2\/pages\/564"}],"wp:attachment":[{"href":"https:\/\/www.hap.ie\/ga\/wp-json\/wp\/v2\/media?parent=592"}],"curies":[{"name":"wp","href":"https:\/\/api.w.org\/{rel}","templated":true}]}}